{"id":3,"date":"2023-04-13T14:49:19","date_gmt":"2023-04-13T14:49:19","guid":{"rendered":"https:\/\/ardennesartisanat.fr\/?page_id=3"},"modified":"2023-04-15T15:07:50","modified_gmt":"2023-04-15T15:07:50","slug":"politique-confidentialite","status":"publish","type":"page","link":"https:\/\/ardennesartisanat.fr\/en\/politique-confidentialite\/","title":{"rendered":"Politiques de confidentialit\u00e9"},"content":{"rendered":"<p>La pr\u00e9sente politique de confidentialit\u00e9 a pour objectif de vous informer sur la mani\u00e8re dont le site ARDENNESARTISANAT.FR collecte, utilise et divulgue vos donn\u00e9es personnelles (ci-apr\u00e8s \u00ab\u00a0Donn\u00e9es Personnelles ou Donn\u00e9es\u00a0\u00bb).<br><br>En tant que responsable du traitement, la ARDENNESARTISANAT.FR est soucieux de la protection des Donn\u00e9es Personnelles, et est conscient de l\u2019importance d\u2019assurer la confidentialit\u00e9, l\u2019int\u00e9grit\u00e9 et la s\u00e9curit\u00e9 des Donn\u00e9es Personnelles des personnes physiques. \u00a0<br><br>Nous nous engageons \u00e0 assurer le meilleur niveau de protection \u00e0 vos Donn\u00e9es Personnelles conform\u00e9ment aux dispositions du R\u00e8glement G\u00e9n\u00e9ral sur la Protection des Donn\u00e9es Personnelles du 27 avril 2016 (R\u00e8glement europ\u00e9en dit \u00ab\u00a0RGPD\u00a0\u00bb) et les dispositions l\u00e9gales adopt\u00e9es \u00e0 la suite en France. \u00a0<br><br>Pour toute information sur la protection des Donn\u00e9es Personnelles, vous pouvez \u00e9galement consulter le site de la Commission Informatique et Libert\u00e9\u00a0<a rel=\"noreferrer noopener\" href=\"http:\/\/www.cnil.fr\/\" target=\"_blank\">www.cnil.fr<\/a>. \u00a0<br><br><strong>Identit\u00e9 du responsable du traitement<\/strong>\u00a0\u00a0<br><br>Les Donn\u00e9es Personnelles sont collect\u00e9es par : l\u2019association a but non lucratif Ardennes-Artisanat,\u00a0SIRET: 902 342 377 000 14\u00a0\u2013 Si\u00e8ge social : 9 Rue du haut \u2013 08430 BARBAISE, ci-apr\u00e8s d\u00e9nomm\u00e9e \u00ab ARDENNES-ARTISANAT.FR \u00bb, \u00a0 Sur le site Internet\u00a0<a href=\"https:\/\/ardennesartisanat.fr\/en\/\" data-type=\"URL\" data-id=\"https:\/\/ardennesartisanat.fr\/\">https:\/\/ardennesartisanat.fr\/<\/a>\u00a0, ci-apr\u00e8s d\u00e9nomm\u00e9 \u00ab\u00a0le Site\u00a0\u00bb.\u00a0\u00a0<\/p>\n\n\n\n<p><br><strong>Finalit\u00e9 \u2013 Exploitation des Donn\u00e9es vous concernant&nbsp;:<\/strong>&nbsp;&nbsp;<br><br>Les traitements mis en \u0153uvre par&nbsp;ARDENNESARTISANAT.FR&nbsp;r\u00e9pondent \u00e0 une ou plusieurs finalit\u00e9s explicites, l\u00e9gitimes et d\u00e9termin\u00e9es conform\u00e9ment \u00e0 l\u2019article 6 du RGPD. Les Donn\u00e9es collect\u00e9es sont utilis\u00e9es par&nbsp;ARDENNESARTISANAT.FR&nbsp;aux fins de :<\/p>\n\n\n\n<ul class=\"wp-block-list\">\n<li><strong>Gestion de vos commandes :<\/strong>&nbsp;Les informations et Donn\u00e9es vous concernant sont n\u00e9cessaires \u00e0 la gestion de votre commande et \u00e0 nos relations commerciales. Ces informations pourront \u00e9galement \u00eatre conserv\u00e9es aux fins de preuve dans le respect des obligations l\u00e9gales et r\u00e9glementaires (paiement, garantie, litige \u2026).<br>A l\u2019issue des p\u00e9riodes de conservation, elles seront archiv\u00e9es ou supprim\u00e9es.<\/li>\n\n\n\n<li><strong>R\u00e9ponse \u00e0 vos demandes diverses&nbsp;;<\/strong><\/li>\n\n\n\n<li><strong>Gestion de notre service de vente en ligne&nbsp;:&nbsp;&nbsp;<\/strong>&nbsp;Gestion de votre compte, activation ou notifications en cas de suspension du service.<\/li>\n\n\n\n<li><strong>Recueil de vos avis&nbsp;et de votre exp\u00e9rience client apr\u00e8s votre commande ;<\/strong><\/li>\n\n\n\n<li><strong>Personnalisation de nos services :<\/strong>&nbsp;Les informations et Donn\u00e9es vous concernant nous permettent d\u2019am\u00e9liorer et personnaliser les services que nous vous proposons notamment sur notre site internet, ainsi que les informations que nous vous adressons.<\/li>\n\n\n\n<li><strong>Envoi des informations et newsletters ARDENNESARTISANAT.FR&nbsp;lorsque vous avez donn\u00e9 votre consentement :<\/strong>&nbsp;Afin de vous tenir inform\u00e9 de notre actualit\u00e9 et des avantages dont vous pouvez b\u00e9n\u00e9ficier, vous pourrez recevoir des offres par communication \u00e9lectronique (email, sms\u2026) lorsque vous avez donn\u00e9 votre consentement.<br>Vous pouvez ensuite retirer votre consentement \u00e0 tout moment en modifiant les param\u00e8tres de votre compte personnel, en cliquant sur le lien de d\u00e9sinscription en bas de chaque email ou en contactant notre service client. Si vous souhaitez recevoir des offres et informations de ARDENNESARTISANAT.FR, vous pouvez consentir aux envois en le signalant lors de la cr\u00e9ation de votre compte, ou \u00e0 tout moment en le pr\u00e9cisant dans \u00ab&nbsp;mon compte&nbsp;\u00bb. En fonction des choix \u00e9mis lors de la cr\u00e9ation ou consultation de votre compte vous serez donc susceptibles de recevoir des offres. Si vous acceptez de recevoir nos offres commerciales lors de la cr\u00e9ation de votre compte, vous serez susceptible de recevoir les informations sur l\u2019actualit\u00e9 de ARDENNESARTISANAT.FR&nbsp;et les newsletters qui portent sur des produits analogues \u00e0 ceux que vous avez d\u00e9j\u00e0 command\u00e9s ou consult\u00e9s sur le site.<\/li>\n\n\n\n<li><strong>Lutte contre la Fraude :<\/strong>&nbsp;Afin de s\u00e9curiser les paiements et les livraisons et ainsi de vous assurer une qualit\u00e9 de service optimale, les Donn\u00e9es Personnelles collect\u00e9es sur le Site sont \u00e9galement trait\u00e9es par ARDENNESARTISANAT.FR&nbsp;pour d\u00e9terminer le niveau de risque de fraude associ\u00e9 \u00e0 chaque commande et, le cas \u00e9ch\u00e9ant, aider \u00e0 moduler les conditions d\u2019ex\u00e9cution de celle-ci. Dans le cadre de cette analyse, ARDENNESARTISANAT.FR&nbsp;est susceptible, en fonction des r\u00e9sultats du contr\u00f4le effectu\u00e9 sur les commandes, de prendre des mesures de s\u00e9curisation, en particulier demande de justificatifs compl\u00e9mentaires ou proposition d\u2019un mode alternatif de r\u00e8glement (virement bancaire). Ces mesures auront pour effet de suspendre l\u2019ex\u00e9cution de la commande voire, si le r\u00e9sultat de l\u2019analyse ne permet pas de garantir la s\u00e9curit\u00e9 de la commande, de l\u2019annuler. La survenance d\u2019un incident (impay\u00e9 au motif d\u2019une utilisation frauduleuse d\u2019un moyen de paiement, fraude \u00e0 la livraison, etc.) entra\u00eenera l\u2019inscription des Donn\u00e9es en rapport avec la commande au sein du fichier d\u2019alerte, ce qui pourra, lors de prochaines commandes, conduire ARDENNESARTISANAT.FR&nbsp;\u00e0 r\u00e9aliser des v\u00e9rifications suppl\u00e9mentaires, voire \u00e0 exiger un r\u00e8glement par virement bancaire.<\/li>\n\n\n\n<li><strong>Analyses statistiques de consommation et de fr\u00e9quentation du site&nbsp;;<\/strong><\/li>\n\n\n\n<li><strong>Respecter les dispositions l\u00e9gales et r\u00e9glementaires afin d\u2019assurer la conformit\u00e9 de ARDENNESARTISANAT.FR&nbsp;\u00e0 ses obligations l\u00e9gales&nbsp;;<\/strong><\/li>\n\n\n\n<li><strong>R\u00e9soudre d\u2019\u00e9ventuels litiges&nbsp;;<\/strong>&nbsp;<\/li>\n\n\n\n<li><strong>D\u00e9fendre les droits de ARDENNESARTISANAT.FR&nbsp;dans le cadre d\u2019une proc\u00e9dure judiciaire ou administrative.<\/strong>&nbsp;&nbsp;&nbsp;<\/li>\n<\/ul>\n\n\n\n<p><strong>Les Donn\u00e9es collect\u00e9es sur notre site<\/strong>&nbsp;&nbsp;<br><br><strong>Quelles Donn\u00e9es ?<\/strong><br><br>L\u2019association Ardennes-Artisanatest amen\u00e9e \u00e0 collecter vos Donn\u00e9es de diff\u00e9rentes mani\u00e8res&nbsp;:&nbsp;<\/p>\n\n\n\n<ul class=\"wp-block-list\">\n<li>les Donn\u00e9es que vous lui fournissez directement&nbsp;;<\/li>\n\n\n\n<li>les Donn\u00e9es qu\u2019elle peut obtenir de sources tierces. &nbsp;&nbsp;<\/li>\n<\/ul>\n\n\n\n<p>Nous collectons et traitons notamment vos noms, adresses postales, adresses email, mots de passe (chiffr\u00e9s), num\u00e9ros de t\u00e9l\u00e9phone, les Donn\u00e9es concernant votre ordinateur et l\u2019environnement de connexion telles que l\u2019adresse IP, les Donn\u00e9es de connexions et Donn\u00e9es de navigation, les coordonn\u00e9es bancaires, les historiques de connexion, les historiques de commandes, les produits consult\u00e9s, les incidents de livraisons, les r\u00e9clamations. &nbsp;<br><br>L\u2019association Ardennes-Artisanatveille \u00e0 ne collecter et ne traiter que des Donn\u00e9es strictement n\u00e9cessaires eu \u00e9gard \u00e0 la finalit\u00e9 du traitement qui est mis en \u0153uvre. &nbsp;<br><br>Les Donn\u00e9es collect\u00e9es indirectement ne seront utilis\u00e9es que&nbsp;:<\/p>\n\n\n\n<ul class=\"wp-block-list\">\n<li>pour suivre le volume, le type et la configuration du trafic g\u00e9n\u00e9r\u00e9 par le Site&nbsp;;&nbsp;<\/li>\n\n\n\n<li>pour en d\u00e9velopper la conception et l\u2019agencement et \u00e0 d\u2019autres fins administratives et de planification&nbsp;;&nbsp;<\/li>\n\n\n\n<li>et plus g\u00e9n\u00e9ralement pour am\u00e9liorer le service que l\u2019association vous offre. &nbsp;&nbsp;<\/li>\n<\/ul>\n\n\n\n<p>Le caract\u00e8re obligatoire ou facultatif des Donn\u00e9es vous est signal\u00e9 lors de la collecte par un ast\u00e9risque. Certaines Donn\u00e9es sont collect\u00e9es automatiquement du fait de vos actions sur le site. Nous effectuons \u00e9galement des mesures d\u2019audience, nous mesurons par exemple le nombre de pages vues, le nombre de visites du site, ainsi que l\u2019activit\u00e9 des visiteurs sur le site et leur fr\u00e9quence de retour.&nbsp; &nbsp;<br><br><strong>Les Donn\u00e9es des mineurs&nbsp;:<\/strong>&nbsp;&nbsp;<br><br>Aucune Donn\u00e9e Personnelle sur les mineurs n\u2019est collect\u00e9e par l\u2019association Ardennes-Artisanat.&nbsp;&nbsp;<br><br>Cependant dans le cas fortuit o\u00f9 l\u2019association serait inform\u00e9e ou apprendrait que des Donn\u00e9es Personnelles d\u2019un mineur auraient \u00e9t\u00e9 collect\u00e9es, ces derni\u00e8res seront imm\u00e9diatement supprim\u00e9es de mani\u00e8re irr\u00e9versible. &nbsp;<br><strong>Quand ?<\/strong><\/p>\n\n\n\n<p>Nous collectons les informations que vous nous fournissez notamment quand :<\/p>\n\n\n\n<ul class=\"wp-block-list\">\n<li>vous cr\u00e9ez votre compte client \u00ab Mon compte \u00bb&nbsp;;<\/li>\n\n\n\n<li>vous effectuez une commande sur notre site&nbsp;;<\/li>\n\n\n\n<li>vous naviguez sur notre site et consultez des produits&nbsp;;<\/li>\n\n\n\n<li>vous remplissez un formulaire en ligne&nbsp;;<\/li>\n\n\n\n<li>vous envoyez un mail spontan\u00e9&nbsp;;<\/li>\n\n\n\n<li>vous r\u00e9digez un commentaire.&nbsp;<\/li>\n<\/ul>\n\n\n\n<p>ARDENNESARTISANAT.FR&nbsp;est \u00e9galement amen\u00e9e \u00e0 collecter des Donn\u00e9es Personnelles lors de la navigation des personnes physiques sur son Site notamment par l\u2019interm\u00e9diaire de cookies (ARDENNESARTISANAT.FR&nbsp;vous invite \u00e0 consulter sa politique de gestion des cookies). &nbsp; &nbsp;<br><br><strong>Destinataires des Donn\u00e9es :<\/strong><br><br>Les Donn\u00e9es collect\u00e9es sur le site&nbsp;ARDENNESARTISANAT.FR&nbsp;sont exclusivement destin\u00e9es \u00e0&nbsp;:<\/p>\n\n\n\n<ul class=\"wp-block-list\">\n<li>ARDENNESARTISANAT.FR&nbsp;pour son usage propre, et notamment les diff\u00e9rents services (commercial, comptabilit\u00e9..) ;<\/li>\n\n\n\n<li>Elles peuvent \u00eatre transmises aux soci\u00e9t\u00e9s, sous-traitants auxquels ARDENNESARTISANAT.FR&nbsp;fait appel dans le cadre de l\u2019ex\u00e9cution des services et commandes notamment gestion, ex\u00e9cution, traitement et paiement. Dans ce cadre ses sous-traitants pourront avoir acc\u00e8s, stocker et traiter les Donn\u00e9es Personnelles pour fournir des services au nom ARDENNESARTISANAT.FR. Cependant, ces derniers ne sont pas autoris\u00e9s par ARDENNESARTISANAT.FR&nbsp;\u00e0 utiliser vos Donn\u00e9es dans un autre but que celui de fournir des services faisant l\u2019objet d\u2019un contrat avec ARDENNESARTISANAT.FR. &nbsp; &nbsp;&nbsp;<\/li>\n<\/ul>\n\n\n\n<p>ARDENNESARTISANAT.FR&nbsp;s\u2019engage \u00e0 s\u2019assurer que les partenaires s\u00e9lectionn\u00e9s pr\u00e9sentent les garanties suffisantes permettant de r\u00e9pondre aux exigences de la l\u00e9gislation en vigueur en mati\u00e8re de protection des Donn\u00e9es. &nbsp; &nbsp; &nbsp;<br><br><strong>Vos droits<\/strong><\/p>\n\n\n\n<p>Conform\u00e9ment aux dispositions du RGPD et de la loi informatique et libert\u00e9s, vous disposez&nbsp;:<\/p>\n\n\n\n<ul class=\"wp-block-list\">\n<li>d\u2019un droit d\u2019acc\u00e8s&nbsp;;<\/li>\n\n\n\n<li>d\u2019un droit de rectification&nbsp;;<\/li>\n\n\n\n<li>d\u2019un droit \u00e0 la suppression&nbsp;;<\/li>\n\n\n\n<li>d\u2019un droit \u00e0 l\u2019oubli&nbsp;;<\/li>\n\n\n\n<li>d\u2019un droit au d\u00e9r\u00e9f\u00e9rencement&nbsp;;<\/li>\n\n\n\n<li>d\u2019un droit d\u2019opposition&nbsp;;<\/li>\n\n\n\n<li>d\u2019un droit \u00e0 la portabilit\u00e9 relativement \u00e0 l\u2019ensemble des Donn\u00e9es vous concernant&nbsp;;<\/li>\n\n\n\n<li>d\u2019un droit \u00e0 la limitation des traitements utilisant vos Donn\u00e9es personnelles ;<\/li>\n\n\n\n<li>d\u2019un droit de ne pas faire l\u2019objet d\u2019une prise de d\u00e9cision individuelle exclusivement fond\u00e9e sur un traitement automatis\u00e9 tel que le profilage&nbsp;;<\/li>\n\n\n\n<li>d\u2019un droit d\u2019introduire une r\u00e9clamation aupr\u00e8s de la Commission nationale de l\u2019informatique et des libert\u00e9s (\u00ab&nbsp;CNIL&nbsp;\u00bb) dont le site internet est accessible suivant le lien suivant&nbsp;<a href=\"https:\/\/www.cnil.fr\/\" target=\"_blank\" rel=\"noreferrer noopener\">https:\/\/www.cnil.fr\/<\/a>.<\/li>\n<\/ul>\n\n\n\n<p>Si vous avez consenti au traitement de Donn\u00e9es personnelles vous pouvez retirer votre consentement \u00e0 tout moment. &nbsp;<br>Vous pouvez exercer vos droits en \u00e9crivant \u00e0 l\u2019adresse ci-dessous&nbsp;: &nbsp;<br><br><strong>ARDENNESARTISANAT.FR :<\/strong>&nbsp;\u00b7&nbsp;&nbsp;&nbsp;&nbsp;&nbsp;&nbsp;&nbsp;<\/p>\n\n\n\n<ul class=\"wp-block-list\">\n<li>par voie \u00e9lectronique \u00e0\u00a0<a href=\"mailto:ardennesartisanat@gmail.com\" data-type=\"mailto\" data-id=\"mailto:ardennesartisanat@gmail.com\">ardennesartisanat@gmail.com<\/a>\u00a0ou par courrier \u00e0 ARDENNES-ARTISANAT,<\/li>\n\n\n\n<li>par courrier : Ardennes-Artisanat. 9, Rue du haut \u2013 08430 BARBAISE,&nbsp;<\/li>\n<\/ul>\n\n\n\n<p>En nous indiquant vos nom, pr\u00e9nom, e-mail adresse et si possible votre r\u00e9f\u00e9rence client. &nbsp;<br><br>Conform\u00e9ment \u00e0 la r\u00e9glementation en vigueur, votre demande doit \u00eatre sign\u00e9e et accompagn\u00e9e de la photocopie d\u2019un titre d\u2019identit\u00e9 portant votre signature et pr\u00e9ciser l\u2019adresse \u00e0 laquelle doit vous parvenir la r\u00e9ponse. Une r\u00e9ponse vous sera alors adress\u00e9e dans un d\u00e9lai d\u2019un mois suivant la r\u00e9ception de la demande.<br><br>Vous disposez \u00e9galement du droit de d\u00e9finir des directives relatives au sort de vos Donn\u00e9es personnelles apr\u00e8s votre mort conform\u00e9ment \u00e0 l\u2019article 41-1 de la loi dite informatique et libert\u00e9s. &nbsp; &nbsp;<br><br><strong>Cookies et ciblage publicitaire :<\/strong><br><br>Votre consentement est formalis\u00e9 lors de votre acceptation du bandeau cookies figurant sur la page d\u2019atterrissage. La dur\u00e9e de conservation du consentement ainsi recueilli est de treize mois&nbsp;\u00e0 compter de l\u2019insertion du cookie correspondant.&nbsp; &nbsp;&nbsp;<\/p>\n\n\n\n<ul class=\"wp-block-list\">\n<li><strong>Qu\u2019est-ce qu\u2019un cookie ?<\/strong><\/li>\n<\/ul>\n\n\n\n<p>Un cookie est un fichier texte qui enregistre des informations sur votre terminal (ordinateur, tablette ou mobile) concernant votre navigation sur un site internet (date et heure de chargement des pages, navigateur utilis\u00e9 et langue, pages vues, fr\u00e9quence et dur\u00e9e de visites sur le site, nombres de visites, sources de la visite, localisation).<\/p>\n\n\n\n<ul class=\"wp-block-list\">\n<li><strong>A quoi servent les cookies ?<\/strong><\/li>\n<\/ul>\n\n\n\n<p>Lorsque vous vous connectez au Site,&nbsp;ARDENNESARTISANAT.FR&nbsp;ou des soci\u00e9t\u00e9s tierces dont&nbsp;ARDENNESARTISANAT.FR&nbsp;utilise les services (partenaires techniques ou publicitaires) peuvent \u00eatre amen\u00e9es \u00e0 installer divers cookies sur votre terminal (ordinateur, tablette ou mobile) dans le but de vous adresser des contenus et services adapt\u00e9s \u00e0 vos centres d\u2019int\u00e9r\u00eats. Votre terminal ne court aucun danger avec les cookies puisqu\u2019aucun virus ou programme malveillant n\u2019est d\u00e9pos\u00e9 par ces derniers.<\/p>\n\n\n\n<ul class=\"wp-block-list\">\n<li><strong>Quels sont les types de cookies ?<\/strong><\/li>\n<\/ul>\n\n\n\n<p>Les types de cookies utilis\u00e9s par&nbsp;ARDENNESARTISANAT.FR&nbsp;sont : &nbsp;<\/p>\n\n\n\n<ul class=\"wp-block-list\">\n<li>Les cookies strictement n\u00e9cessaires au bon fonctionnement du Site : Ceux-ci sont indispensables pour naviguer sur le Site et utiliser les fonctionnalit\u00e9s de base demand\u00e9es (cookies de langues, cookies d\u2019identification\u2026). Si vous venez \u00e0 bloquer ces cookies en configurant votre navigateur, ARDENNESARTISANAT.FR&nbsp;ne serait plus en mesure d\u2019assurer le bon fonctionnement du Site et garantir un fonctionnement optimal du Site.&nbsp; &nbsp;<\/li>\n\n\n\n<li>Les cookies fonctionnels pour am\u00e9liorer votre exp\u00e9rience utilisateur : ils sont l\u00e0, par exemple, pour m\u00e9moriser vos choix sur le Site.<\/li>\n\n\n\n<li>Les cookies de performance qui permettent de mesurer l\u2019audience et d\u2019\u00e9tablir des statistiques et volumes de fr\u00e9quentation et d\u2019utilisation des divers \u00e9l\u00e9ments composant le Site.<\/li>\n\n\n\n<li>Les cookies de ciblage publicitaire tels que \u00ab&nbsp;retargeting&nbsp;\u00bb&nbsp;;<\/li>\n\n\n\n<li>Les cookies sociaux qui sont des plugins qui permettent de partager sur les r\u00e9seaux sociaux du contenu li\u00e9s au Site ou de partager sur ces r\u00e9seaux sociaux des informations li\u00e9es \u00e0 la navigation ou \u00e0 vos centres d\u2019int\u00e9r\u00eat concernant le Site.<\/li>\n<\/ul>\n\n\n\n<p>Les cookies sociaux visent le cas du bouton \u00ab partager \u00bb pr\u00e9sents sur le Site et issus des r\u00e9seaux sociaux dont notamment Facebook, Twitter. Si vous \u00eates titulaire d\u2019un compte sur ces r\u00e9seaux sociaux et que vous cliquez sur l\u2019un de ces boutons, le r\u00e9seau social concern\u00e9 fera le lien entre votre profil et la visite du Site.<br><br>Aussi,&nbsp;ARDENNESARTISANAT.FR&nbsp;vous invite \u00e0 consulter les politiques de protection des donn\u00e9es personnelles mises en place par ces r\u00e9seaux sociaux afin notamment de prendre connaissance des finalit\u00e9s d\u2019utilisation de vos Donn\u00e9es et des droits dont vous disposez concernant ces traitements.<\/p>\n\n\n\n<ul class=\"wp-block-list\">\n<li><strong>Comment param\u00e9trer ces cookies ?<\/strong><\/li>\n<\/ul>\n\n\n\n<p>Vous avez la possibilit\u00e9 de bloquer l\u2019utilisation des cookies ou encore de recevoir une notification avant l\u2019installation d\u2019un nouveau cookie en modifiant les param\u00e8tres de votre navigateur Internet.<br><br>Si vous utilisez Google Chrome, il faut suivre les instructions comme suit&nbsp;:&nbsp; &nbsp; &nbsp; &nbsp; &nbsp; &nbsp; &nbsp;<\/p>\n\n\n\n<ul class=\"wp-block-list\">\n<li>Choisir le menu Param\u00e8tres, puis Param\u00e8tres avanc\u00e9s<\/li>\n\n\n\n<li>Dans la section \u201cConfidentialit\u00e9 et s\u00e9curit\u00e9\u201d, cliquez sur Param\u00e8tres de site<\/li>\n\n\n\n<li>Rep\u00e9rer le menu Cookie et s\u00e9lectionner les options qui conviennent<\/li>\n<\/ul>\n\n\n\n<p>&nbsp;Si vous utilisez Mozilla Firefox, il faut suivre les instructions comme suit&nbsp;:<\/p>\n\n\n\n<ul class=\"wp-block-list\">\n<li>Choisir le menu Outil puis Options<\/li>\n\n\n\n<li>Cliquer sur l\u2019ic\u00f4ne Vie priv\u00e9e<\/li>\n\n\n\n<li>Rep\u00e9rer le menu Cookie et s\u00e9lectionner les options qui conviennent &nbsp;&nbsp;<\/li>\n<\/ul>\n\n\n\n<p>Si vous utilisez Internet Explorer, il faut suivre les instructions comme suit&nbsp;:&nbsp; &nbsp;<\/p>\n\n\n\n<ul class=\"wp-block-list\">\n<li>Choisir le menu Outils puis Options Internet<\/li>\n\n\n\n<li>Cliquer sur l\u2019onglet Confidentialit\u00e9<\/li>\n\n\n\n<li>S\u00e9lectionner le niveau souhait\u00e9 \u00e0 l\u2019aide du curseur<\/li>\n<\/ul>\n\n\n\n<p>Si vous utilisez Safari, il faut suivre les instructions indiqu\u00e9es&nbsp;<a href=\"https:\/\/support.apple.com\/fr-fr\/HT201265\" target=\"_blank\" rel=\"noreferrer noopener\">sur ce lien<\/a>&nbsp;ou comme suit&nbsp;:<\/p>\n\n\n\n<ul class=\"wp-block-list\">\n<li>Choisir le menu R\u00e9glages&nbsp;&gt; Safari,<\/li>\n\n\n\n<li>Activez l\u2019option Bloquer tous les cookies ou bloqueur de contenus<\/li>\n<\/ul>\n\n\n\n<p>Vous pouvez \u00e9galement modifier le param\u00e9trage de vos cookies via le lien pr\u00e9sent sur le bandeau cookie qui appara\u00eet sur le Site. &nbsp;<br><br>Pour plus d\u2019informations, vous pouvez consulter les conseils relatifs \u00e0 la modification de ces param\u00e8tres pr\u00e9sent\u00e9s dans l\u2019onglet \u00ab Vos traces \u00bb sur le site de la CNIL (<a href=\"https:\/\/www.cnil.fr\/vos-droits\/vos-traces\/les-cookies\/conseils-aux-internautes\/\" target=\"_blank\" rel=\"noreferrer noopener\">https:\/\/www.cnil.fr\/vos-droits\/vos-traces\/les-cookies\/conseils-aux-internautes\/<\/a>). &nbsp;<br><br><strong>Donn\u00e9es Bancaires :<\/strong><br><br>Pour les besoins du paiement les coordonn\u00e9es bancaires sont collect\u00e9es et conserv\u00e9es par notre prestataire en mati\u00e8re de paiement. Cette norme est un standard de s\u00e9curit\u00e9 international dont les objectifs sont d\u2019assurer la confidentialit\u00e9 et l\u2019int\u00e9grit\u00e9 des Donn\u00e9es des porteurs de cartes, et ainsi de s\u00e9curiser la protection des Donn\u00e9es cartes et de transaction. &nbsp;<br><br>Afin de vous \u00e9viter de saisir \u00e0 nouveau vos coordonn\u00e9es bancaires lors de prochaines commandes, vous pouvez choisir, en cochant la case d\u2019acceptation pr\u00e9vue \u00e0 cet effet, que vos cartes bancaires soient enregistr\u00e9es dans votre compte en ligne de fa\u00e7on s\u00e9curis\u00e9e. Vous pouvez consulter la liste de vos cartes enregistr\u00e9es (en mode masqu\u00e9), mais \u00e9galement supprimer tout ou partie de son contenu, dans la partie \u00ab Mon Compte \u00bb. &nbsp;<br><br>Dans ce cas, vos cartes supprim\u00e9es n\u2019appara\u00eetront plus dans votre compte en ligne ni lors de futures commandes, mais vos coordonn\u00e9es bancaires resteront conserv\u00e9es par notre prestataire, dans les limites n\u00e9cessaires au traitement de vos commandes et de leurs suites (paiement, garantie, litige ..).&nbsp;<br><br><strong>Conservation des Donn\u00e9es&nbsp;<\/strong>&nbsp;<br><br>Les Donn\u00e9es seront conserv\u00e9es par&nbsp;ARDENNESARTISANAT.FR&nbsp;pour toute la dur\u00e9e de la relation commerciale et aussi longtemps que n\u00e9cessaire afin d\u2019ex\u00e9cuter les obligations que vous aurez demand\u00e9es, de respecter ses obligations l\u00e9gales, et de satisfaire aux finalit\u00e9s d\u00e9crites dans la pr\u00e9sente politique de confidentialit\u00e9, ou encore r\u00e9soudre des diff\u00e9rends.<br><br>La dur\u00e9e de conservation reste n\u00e9anmoins proportionnelle aux finalit\u00e9s poursuivies par le traitement de donn\u00e9es r\u00e9alis\u00e9. &nbsp; &nbsp;<br>ARDENNESARTISANAT.FR&nbsp;est \u00e9galement en droit de conserver et de traiter les Donn\u00e9es Personnelles en vertu de son int\u00e9r\u00eat l\u00e9gitime. Elle peut \u00e9galement conserver vos Donn\u00e9es Personnelles apr\u00e8s que vous ayez cess\u00e9 d\u2019utiliser les services de&nbsp;ARDENNESARTISANAT.FR&nbsp;conform\u00e9ment \u00e0 la prescription l\u00e9gale. &nbsp;<br><br>A l\u2019\u00e9ch\u00e9ance de cette p\u00e9riode,&nbsp;ARDENNESARTISANAT.FR&nbsp;s\u2019engage \u00e0 supprimer tous les documents et fichiers contenant les Donn\u00e9es de fa\u00e7on irr\u00e9versible. &nbsp;<br><br>Toutefois, les Donn\u00e9es Personnelles n\u00e9cessaires au respect des obligations l\u00e9gales et r\u00e9glementaires ou pour permettre de se m\u00e9nager la preuve des droits et obligations respectifs, seront conserv\u00e9es par&nbsp;ARDENNESARTISANAT.FR. &nbsp;<br><br>Les Donn\u00e9es relatives aux achats effectu\u00e9s permettant d\u2019effectuer un profilage \u00e0 des fins notamment marketing, seront conserv\u00e9es pour la dur\u00e9e limit\u00e9e conform\u00e9ment \u00e0 la dur\u00e9e maximale autoris\u00e9e par la loi. A l\u2019\u00e9ch\u00e9ance, les Donn\u00e9es seront supprim\u00e9es de fa\u00e7on irr\u00e9versible. &nbsp;<br><br>En tout \u00e9tat de cause, \u00e0 l\u2019issue de chaque p\u00e9riode de conservation les Donn\u00e9es Personnelles seront supprim\u00e9es de fa\u00e7on irr\u00e9versible. &nbsp;<br><br><strong>Raisons l\u00e9gales d\u2019une divulgation de vos Donn\u00e9es<\/strong>&nbsp;&nbsp;<br><br>ARDENNESARTISANAT.FR&nbsp;pourra \u00eatre amen\u00e9e \u00e0 divulguer vos Donn\u00e9es Personnelles \u00e0 des tiers uniquement dans les cas pr\u00e9cis suivants&nbsp;:<\/p>\n\n\n\n<ul class=\"wp-block-list\">\n<li>A des fins d\u2019assistance si ARDENNESARTISANAT.FR&nbsp;doit faire appel \u00e0 des prestataires pour fournir des prestations de support et de maintenance ;<\/li>\n\n\n\n<li>Aux fins de se conformer \u00e0 toute loi en vigueur, r\u00e9glementation, proc\u00e9dure juridique ou autre obligation l\u00e9gale&nbsp;ou aux fins de pr\u00e9server les droits de ARDENNESARTISANAT.FR, de ses employ\u00e9s, de ses clients&nbsp;ou autres ;<\/li>\n\n\n\n<li>A des fins de s\u00e9curit\u00e9 aux fins de d\u00e9tection, d\u2019enqu\u00eate afin de permettre la pr\u00e9vention des probl\u00e8mes de s\u00e9curit\u00e9, de fraude ou des probl\u00e8mes techniques&nbsp;;<\/li>\n\n\n\n<li>En cas de fusion \/ absorption ou acquisition de ARDENNESARTISANAT.FR&nbsp;avec une autre soci\u00e9t\u00e9 ;<\/li>\n\n\n\n<li>En cas de vente ou de cession de ARDENNESARTISANAT.FR;<\/li>\n\n\n\n<li>En cas de restructuration, de proc\u00e9dure collective ou de tout autre \u00e9v\u00e9nement similaire, conform\u00e9ment \u00e0 la loi applicable. &nbsp;&nbsp;<\/li>\n<\/ul>\n\n\n\n<p><strong>S\u00e9curit\u00e9<\/strong>\u00a0\u00a0<br><br>ARDENNESARTISANAT.FR\u00a0assure la s\u00e9curit\u00e9 et la confidentialit\u00e9 de vos Donn\u00e9es \u00e0 caract\u00e8re personnel en mettant en place une protection des Donn\u00e9es renforc\u00e9e par l\u2019utilisation de moyens de s\u00e9curisation physiques et logistiques et notamment par la mise en place de mesures techniques et organisationnelles afin notamment d\u2019emp\u00eacher qu\u2019elles soient utilis\u00e9es, divulgu\u00e9es, capt\u00e9es, ou endommag\u00e9es par des tiers non autoris\u00e9s. \u00a0<br><br>De plus,\u00a0ARDENNESARTISANAT.FR\u00a0s\u2019oblige \u00e0 veiller \u00e0 ce que cette protection soit apport\u00e9e par toutes personnes susceptibles d\u2019avoir acc\u00e8s aux Donn\u00e9es, notamment ses salari\u00e9s, et de traiter les Donn\u00e9es conform\u00e9ment aux finalit\u00e9s d\u00e9termin\u00e9es dans la pr\u00e9sente politique de confidentialit\u00e9. \u00a0 \u00a0 \u00a0<br><br><strong>Mise \u00e0 jour de la politique de protection des Donn\u00e9es\u00a0<\/strong>\u00a0<br><br>La politique de confidentialit\u00e9 est susceptible d\u2019\u00eatre modifi\u00e9e ou am\u00e9nag\u00e9e \u00e0 tout moment. \u00a0<br><br>En cas de modification, la nouvelle politique de confidentialit\u00e9 sera notifi\u00e9e sur cette pr\u00e9sente page site internet, et le cas \u00e9ch\u00e9ant au moment de la connexion \u00e0 une de nos applications. \u00a0 \u00a0 \u00a0<br><br><strong>La derni\u00e8re date de mise \u00e0 jour de cette politique de confidentialit\u00e9 est le\u00a0: 15\/04\/2023<\/strong>\u00a0 \u00a0<\/p>","protected":false},"excerpt":{"rendered":"<p>La pr\u00e9sente politique de confidentialit\u00e9 a pour objectif de vous informer sur la mani\u00e8re dont le site ARDENNESARTISANAT.FR collecte, utilise et divulgue vos donn\u00e9es personnelles (ci-apr\u00e8s \u00ab\u00a0Donn\u00e9es Personnelles ou Donn\u00e9es\u00a0\u00bb). En tant que responsable du traitement, la ARDENNESARTISANAT.FR est soucieux de la protection des Donn\u00e9es Personnelles, et est conscient de l\u2019importance d\u2019assurer la confidentialit\u00e9, l\u2019int\u00e9grit\u00e9 [&hellip;]<\/p>\n","protected":false},"author":1,"featured_media":0,"parent":0,"menu_order":0,"comment_status":"closed","ping_status":"closed","template":"","meta":{"_gspb_post_css":"","footnotes":""},"class_list":["post-3","page","type-page","status-publish","hentry"],"blocksy_meta":[],"_links":{"self":[{"href":"https:\/\/ardennesartisanat.fr\/en\/wp-json\/wp\/v2\/pages\/3","targetHints":{"allow":["GET"]}}],"collection":[{"href":"https:\/\/ardennesartisanat.fr\/en\/wp-json\/wp\/v2\/pages"}],"about":[{"href":"https:\/\/ardennesartisanat.fr\/en\/wp-json\/wp\/v2\/types\/page"}],"author":[{"embeddable":true,"href":"https:\/\/ardennesartisanat.fr\/en\/wp-json\/wp\/v2\/users\/1"}],"replies":[{"embeddable":true,"href":"https:\/\/ardennesartisanat.fr\/en\/wp-json\/wp\/v2\/comments?post=3"}],"version-history":[{"count":2,"href":"https:\/\/ardennesartisanat.fr\/en\/wp-json\/wp\/v2\/pages\/3\/revisions"}],"predecessor-version":[{"id":1155,"href":"https:\/\/ardennesartisanat.fr\/en\/wp-json\/wp\/v2\/pages\/3\/revisions\/1155"}],"wp:attachment":[{"href":"https:\/\/ardennesartisanat.fr\/en\/wp-json\/wp\/v2\/media?parent=3"}],"curies":[{"name":"wp","href":"https:\/\/api.w.org\/{rel}","templated":true}]}}